{"id":175,"date":"2021-03-15T11:53:48","date_gmt":"2021-03-15T10:53:48","guid":{"rendered":"https:\/\/mecsekgyongye.hu\/?page_id=175"},"modified":"2021-03-15T17:08:13","modified_gmt":"2021-03-15T16:08:13","slug":"hazirendunk","status":"publish","type":"page","link":"https:\/\/mecsekgyongye.hu\/en\/hazirendunk\/","title":{"rendered":"h\u00e1zirend"},"content":{"rendered":"<p>\u00c9rkez\u00e9s \u00e9s t\u00e1voz\u00e1s: Apartmanok, d\u00e9lut\u00e1n kett\u0151 \u00f3r\u00e1t\u00f3l foglalhat\u00f3 el, t\u00e1voz\u00e1s d\u00e9lel\u0151tt t\u00edz \u00f3r\u00e1ig, egyedi k\u00e9r\u00e9seket \u00e9rkez\u00e9s, illetve t\u00e1voz\u00e1s el\u0151tt r\u00f6viddel egyeztetni lehet. Foglal\u00e1sokt\u00f3l f\u00fcgg\u0151 az egyedi elb\u00edr\u00e1l\u00e1s.<\/p>\n\n\n\n<p>A doh\u00e1nyz\u00e1s mind k\u00e9t apartmanban tilos! Kijel\u00f6lt doh\u00e1nyz\u00f3 hely, a grillkertn\u00e9l.&nbsp;<\/p>\n\n\n\n<p>T\u00f6r\u00f6lk\u00f6z\u0151ket bels\u0151 haszn\u00e1latra biztos\u00edtunk. Azokat az apartmanokb\u00f3l, strandolni kivinni nem szabad!<\/p>\n\n\n\n<p>H\u00e1zi kedvencet sajnos allergi\u00e1s betegs\u00e9gben szenved\u0151 vend\u00e9geinkre tekintettel, nem tudunk fogadni!<\/p>\n\n\n\n<p>V\u00edzell\u00e1t\u00e1s a vizet saj\u00e1t f\u00fartk\u00fatb\u00f3l biztos\u00edtjuk, mely mecseki karsztv\u00edz, ez\u00e9rt l\u00e1gy\u00edt\u00e1ssal kezelj\u00fck. Fogyaszt\u00e1sra, az \u00edze miatt nem javasoljuk. Ha ig\u00e9nyli \u00e9s rendelkez\u00e9sre \u00e1ll pet palack, azt sz\u00edvesen megt\u00f6ltj\u00fck nyersv\u00edzzel, ami fantasztikus \u00e9s a csal\u00e1dommal is azt fogyasztjuk. K\u00f6sz\u00f6nj\u00fck, ha a v\u00edzzel is takar\u00e9koskodik! \uf04a<\/p>\n\n\n\n<p>Grillkert haszn\u00e1lata: Enged\u00e9ly\u00e9hez k\u00f6t\u00f6tt, mely f\u00fcgg az \u00e9ppen aktu\u00e1lis helyi rendeletekt\u0151l, (t\u0171zgy\u00fajt\u00e1si tilalom) illetve az id\u0151j\u00e1r\u00e1st\u00f3l! K\u00e9rem, egyeztess\u00e9k velem. Mindenki a <strong>saj\u00e1t felel\u0151ss\u00e9g\u00e9re<\/strong> haszn\u00e1lhatja!<\/p>\n\n\n\n<h3 id=\"wp-block-themeisle-blocks-advanced-heading-714b259b\" class=\"wp-block-themeisle-blocks-advanced-heading wp-block-themeisle-blocks-advanced-heading-714b259b\"><strong>Gyermekekkel \u00e9rkez\u0151knek&nbsp;<\/strong><\/h3>\n\n\n\n<p><strong>Kerti d\u00edszt\u00f3:<\/strong> tal\u00e1n a leg vesz\u00e9lyesebb pontja a ter\u00fcletnek, mely d\u00e9li oldala <strong>kett\u0151 m\u00e9ter m\u00e9ly!<\/strong> Ez\u00e9rt k\u00e9rj\u00fck a tisztelt sz\u00fcl\u0151ket, hogy a szeg\u00e9lyez\u0151 k\u00f6vekre, az \u00faszni tud\u00f3 gyermekeket se engedj\u00e9k! A halak etet\u00e9se \u00e9s kaviccsal dob\u00e1l\u00e1sa is TILOS!<\/p>\n\n\n\n<p><strong>Medence:<\/strong> tavaszt\u00f3l-\u0151szig \u00fczemel, <strong>d\u00e9lel\u0151tt kilenc \u00f3r\u00e1t\u00f3l, este h\u00e9t \u00f3r\u00e1ig!<\/strong> M\u00e9lys\u00e9ge 1,4 m\u00e9ter, ez\u00e9rt \u00faszni nem tud\u00f3 gyermek, csak fel\u00fcgyelet mellett tart\u00f3zkodhat a k\u00f6zel\u00e9ben! Medence haszn\u00e1lat el\u0151tt k\u00f6telez\u0151 a tusol\u00f3 haszn\u00e1lata! Tov\u00e1bb\u00e1 tilos, homokoz\u00f3 j\u00e1t\u00e9k, \u00e9tel, ital \u00e9s egy\u00e9b dolog, ami a v\u00edzmin\u0151s\u00e9g\u00e9nek roml\u00e1s\u00e1t eredm\u00e9nyezi, a v\u00edz k\u00f6zel\u00e9be vinni \u00e9s a medenc\u00e9be ugr\u00e1lni! Ellen\u00e1ramoltat\u00f3 berendez\u00e9st, csak feln\u0151ttek \u00e9s \u00fasz\u00e1sra haszn\u00e1lhatj\u00e1k! <strong>Ki-be kapcsolgat\u00e1sa tilos!<\/strong><\/p>\n\n\n\n<p><strong>Trambulin:<\/strong> tavaszt\u00f3l-\u0151szig \u00e1ll rendelkez\u00e9sre,<strong> 9-t\u0151l 12. \u00f3r\u00e1ig, illetve 16-t\u00f3l, 19. \u00f3r\u00e1ig<\/strong>. Csak cip\u0151 n\u00e9lk\u00fcl haszn\u00e1lhat\u00f3! Labda \u00e9s egy\u00e9b m\u0171anyag j\u00e1t\u00e9kok bevitele nem megengedett! Egyszerre maximum 2 gyermek haszn\u00e1lhatja, <strong>s\u00falykorl\u00e1t<\/strong> \u00f6sszesen <strong>90 kilogramm<\/strong>.<\/p>\n\n\n\n<p><strong>J\u00e1tsz\u00f3t\u00e9r:<\/strong> kisgyermekek fel\u00fcgyelet n\u00e9lk\u00fcl, nem tart\u00f3zkodhatnak, a magas \u00e9p\u00edt\u00e9s\u0171 m\u00e1sz\u00f3k\u00e1kon! Homokoz\u00f3 j\u00e1t\u00e9kok csak a homokoz\u00f3ban haszn\u00e1lhat\u00f3k! K\u00e9rem, a homokoz\u00f3b\u00f3l a f\u0171re lehet\u0151s\u00e9g szerint ne legyen kisz\u00f3rva a homok \u00e9s kavics se keveredjen bele.<\/p>\n\n\n\n<p><strong>Meg\u00e9rt\u00e9s\u00e9t megk\u00f6sz\u00f6nve, nagyon kellemes pihen\u00e9st \u00e9s kikapcsol\u00f3d\u00e1st k\u00edv\u00e1nunk!<\/strong><\/p>\n\n\n\n<p>B\u00e1rmi egy\u00e9b k\u00e9rd\u00e9se-k\u00e9r\u00e9se felmer\u00fclne, h\u00edvjon bizalommal <br><strong>+36 70&nbsp;333 22323<\/strong> <br>Keresztes J\u00f3zsef tulajdonos.<\/p>\n\n\n\n<p><\/p>\n\n\n\n<p><\/p>\n\n\n\n<p><\/p>\n\n\n\n<p><\/p>","protected":false},"excerpt":{"rendered":"<p>\u00c9rkez\u00e9s \u00e9s t\u00e1voz\u00e1s: Apartmanok, d\u00e9lut\u00e1n kett\u0151 \u00f3r\u00e1t\u00f3l foglalhat\u00f3 el, t\u00e1voz\u00e1s d\u00e9lel\u0151tt t\u00edz \u00f3r\u00e1ig, egyedi k\u00e9r\u00e9seket \u00e9rkez\u00e9s, illetve t\u00e1voz\u00e1s el\u0151tt r\u00f6viddel egyeztetni lehet. Foglal\u00e1sokt\u00f3l f\u00fcgg\u0151 az egyedi elb\u00edr\u00e1l\u00e1s. A doh\u00e1nyz\u00e1s mind k\u00e9t apartmanban tilos! Kijel\u00f6lt doh\u00e1nyz\u00f3 hely, a grillkertn\u00e9l.&nbsp; T\u00f6r\u00f6lk\u00f6z\u0151ket bels\u0151 haszn\u00e1latra biztos\u00edtunk. Azokat az apartmanokb\u00f3l, strandolni kivinni nem szabad! H\u00e1zi [&hellip;]<\/p>\n","protected":false},"author":1,"featured_media":0,"parent":0,"menu_order":0,"comment_status":"closed","ping_status":"closed","template":"","meta":{"footnotes":""},"class_list":["post-175","page","type-page","status-publish","hentry"],"yoast_head":"<!-- This site is optimized with the Yoast SEO plugin v27.5 - https:\/\/yoast.com\/product\/yoast-seo-wordpress\/ -->\n<title>h\u00e1zirend - Mecsekgy\u00f6ngye Apartmanh\u00e1z<\/title>\n<meta name=\"robots\" content=\"index, follow, max-snippet:-1, max-image-preview:large, max-video-preview:-1\" \/>\n<link rel=\"canonical\" href=\"https:\/\/mecsekgyongye.hu\/en\/hazirendunk\/\" \/>\n<meta property=\"og:locale\" content=\"en_US\" \/>\n<meta property=\"og:type\" content=\"article\" \/>\n<meta property=\"og:title\" content=\"h\u00e1zirend - Mecsekgy\u00f6ngye Apartmanh\u00e1z\" \/>\n<meta property=\"og:description\" content=\"\u00c9rkez\u00e9s \u00e9s t\u00e1voz\u00e1s: Apartmanok, d\u00e9lut\u00e1n kett\u0151 \u00f3r\u00e1t\u00f3l foglalhat\u00f3 el, t\u00e1voz\u00e1s d\u00e9lel\u0151tt t\u00edz \u00f3r\u00e1ig, egyedi k\u00e9r\u00e9seket \u00e9rkez\u00e9s, illetve t\u00e1voz\u00e1s el\u0151tt r\u00f6viddel egyeztetni lehet. Foglal\u00e1sokt\u00f3l f\u00fcgg\u0151 az egyedi elb\u00edr\u00e1l\u00e1s. A doh\u00e1nyz\u00e1s mind k\u00e9t apartmanban tilos! Kijel\u00f6lt doh\u00e1nyz\u00f3 hely, a grillkertn\u00e9l.&nbsp; T\u00f6r\u00f6lk\u00f6z\u0151ket bels\u0151 haszn\u00e1latra biztos\u00edtunk. Azokat az apartmanokb\u00f3l, strandolni kivinni nem szabad! H\u00e1zi [&hellip;]\" \/>\n<meta property=\"og:url\" content=\"https:\/\/mecsekgyongye.hu\/en\/hazirendunk\/\" \/>\n<meta property=\"og:site_name\" content=\"Mecsekgy\u00f6ngye Apartmanh\u00e1z\" \/>\n<meta property=\"article:modified_time\" content=\"2021-03-15T16:08:13+00:00\" \/>\n<meta name=\"twitter:card\" content=\"summary_large_image\" \/>\n<meta name=\"twitter:label1\" content=\"Est. reading time\" \/>\n\t<meta name=\"twitter:data1\" content=\"2 minutes\" \/>\n<script type=\"application\/ld+json\" class=\"yoast-schema-graph\">{\"@context\":\"https:\\\/\\\/schema.org\",\"@graph\":[{\"@type\":\"WebPage\",\"@id\":\"https:\\\/\\\/mecsekgyongye.hu\\\/hazirendunk\\\/\",\"url\":\"https:\\\/\\\/mecsekgyongye.hu\\\/hazirendunk\\\/\",\"name\":\"h\u00e1zirend - Mecsekgy\u00f6ngye Apartmanh\u00e1z\",\"isPartOf\":{\"@id\":\"https:\\\/\\\/mecsekgyongye.hu\\\/#website\"},\"datePublished\":\"2021-03-15T10:53:48+00:00\",\"dateModified\":\"2021-03-15T16:08:13+00:00\",\"breadcrumb\":{\"@id\":\"https:\\\/\\\/mecsekgyongye.hu\\\/hazirendunk\\\/#breadcrumb\"},\"inLanguage\":\"en-US\",\"potentialAction\":[{\"@type\":\"ReadAction\",\"target\":[\"https:\\\/\\\/mecsekgyongye.hu\\\/hazirendunk\\\/\"]}]},{\"@type\":\"BreadcrumbList\",\"@id\":\"https:\\\/\\\/mecsekgyongye.hu\\\/hazirendunk\\\/#breadcrumb\",\"itemListElement\":[{\"@type\":\"ListItem\",\"position\":1,\"name\":\"Kezd\u0151lap\",\"item\":\"https:\\\/\\\/mecsekgyongye.hu\\\/\"},{\"@type\":\"ListItem\",\"position\":2,\"name\":\"h\u00e1zirend\"}]},{\"@type\":\"WebSite\",\"@id\":\"https:\\\/\\\/mecsekgyongye.hu\\\/#website\",\"url\":\"https:\\\/\\\/mecsekgyongye.hu\\\/\",\"name\":\"Mecsekgy\u00f6ngye Apartmanh\u00e1z\",\"description\":\"\",\"publisher\":{\"@id\":\"https:\\\/\\\/mecsekgyongye.hu\\\/#organization\"},\"potentialAction\":[{\"@type\":\"SearchAction\",\"target\":{\"@type\":\"EntryPoint\",\"urlTemplate\":\"https:\\\/\\\/mecsekgyongye.hu\\\/?s={search_term_string}\"},\"query-input\":{\"@type\":\"PropertyValueSpecification\",\"valueRequired\":true,\"valueName\":\"search_term_string\"}}],\"inLanguage\":\"en-US\"},{\"@type\":\"Organization\",\"@id\":\"https:\\\/\\\/mecsekgyongye.hu\\\/#organization\",\"name\":\"Mecsekgy\u00f6ngye Apartmanh\u00e1z\",\"url\":\"https:\\\/\\\/mecsekgyongye.hu\\\/\",\"logo\":{\"@type\":\"ImageObject\",\"inLanguage\":\"en-US\",\"@id\":\"https:\\\/\\\/mecsekgyongye.hu\\\/#\\\/schema\\\/logo\\\/image\\\/\",\"url\":\"https:\\\/\\\/mecsekgyongye.hu\\\/wp-content\\\/uploads\\\/2021\\\/03\\\/2021-logo-clear-sEtat-vil\u2020gos-keret.png\",\"contentUrl\":\"https:\\\/\\\/mecsekgyongye.hu\\\/wp-content\\\/uploads\\\/2021\\\/03\\\/2021-logo-clear-sEtat-vil\u2020gos-keret.png\",\"caption\":\"Mecsekgy\u00f6ngye Apartmanh\u00e1z\"},\"image\":{\"@id\":\"https:\\\/\\\/mecsekgyongye.hu\\\/#\\\/schema\\\/logo\\\/image\\\/\"}}]}<\/script>\n<!-- \/ Yoast SEO plugin. -->","yoast_head_json":{"title":"h\u00e1zirend - Mecsekgy\u00f6ngye Apartmanh\u00e1z","robots":{"index":"index","follow":"follow","max-snippet":"max-snippet:-1","max-image-preview":"max-image-preview:large","max-video-preview":"max-video-preview:-1"},"canonical":"https:\/\/mecsekgyongye.hu\/en\/hazirendunk\/","og_locale":"en_US","og_type":"article","og_title":"h\u00e1zirend - Mecsekgy\u00f6ngye Apartmanh\u00e1z","og_description":"\u00c9rkez\u00e9s \u00e9s t\u00e1voz\u00e1s: Apartmanok, d\u00e9lut\u00e1n kett\u0151 \u00f3r\u00e1t\u00f3l foglalhat\u00f3 el, t\u00e1voz\u00e1s d\u00e9lel\u0151tt t\u00edz \u00f3r\u00e1ig, egyedi k\u00e9r\u00e9seket \u00e9rkez\u00e9s, illetve t\u00e1voz\u00e1s el\u0151tt r\u00f6viddel egyeztetni lehet. Foglal\u00e1sokt\u00f3l f\u00fcgg\u0151 az egyedi elb\u00edr\u00e1l\u00e1s. A doh\u00e1nyz\u00e1s mind k\u00e9t apartmanban tilos! Kijel\u00f6lt doh\u00e1nyz\u00f3 hely, a grillkertn\u00e9l.&nbsp; T\u00f6r\u00f6lk\u00f6z\u0151ket bels\u0151 haszn\u00e1latra biztos\u00edtunk. Azokat az apartmanokb\u00f3l, strandolni kivinni nem szabad! H\u00e1zi [&hellip;]","og_url":"https:\/\/mecsekgyongye.hu\/en\/hazirendunk\/","og_site_name":"Mecsekgy\u00f6ngye Apartmanh\u00e1z","article_modified_time":"2021-03-15T16:08:13+00:00","twitter_card":"summary_large_image","twitter_misc":{"Est. reading time":"2 minutes"},"schema":{"@context":"https:\/\/schema.org","@graph":[{"@type":"WebPage","@id":"https:\/\/mecsekgyongye.hu\/hazirendunk\/","url":"https:\/\/mecsekgyongye.hu\/hazirendunk\/","name":"h\u00e1zirend - Mecsekgy\u00f6ngye Apartmanh\u00e1z","isPartOf":{"@id":"https:\/\/mecsekgyongye.hu\/#website"},"datePublished":"2021-03-15T10:53:48+00:00","dateModified":"2021-03-15T16:08:13+00:00","breadcrumb":{"@id":"https:\/\/mecsekgyongye.hu\/hazirendunk\/#breadcrumb"},"inLanguage":"en-US","potentialAction":[{"@type":"ReadAction","target":["https:\/\/mecsekgyongye.hu\/hazirendunk\/"]}]},{"@type":"BreadcrumbList","@id":"https:\/\/mecsekgyongye.hu\/hazirendunk\/#breadcrumb","itemListElement":[{"@type":"ListItem","position":1,"name":"Kezd\u0151lap","item":"https:\/\/mecsekgyongye.hu\/"},{"@type":"ListItem","position":2,"name":"h\u00e1zirend"}]},{"@type":"WebSite","@id":"https:\/\/mecsekgyongye.hu\/#website","url":"https:\/\/mecsekgyongye.hu\/","name":"Mecsekgy\u00f6ngye Apartmanh\u00e1z","description":"","publisher":{"@id":"https:\/\/mecsekgyongye.hu\/#organization"},"potentialAction":[{"@type":"SearchAction","target":{"@type":"EntryPoint","urlTemplate":"https:\/\/mecsekgyongye.hu\/?s={search_term_string}"},"query-input":{"@type":"PropertyValueSpecification","valueRequired":true,"valueName":"search_term_string"}}],"inLanguage":"en-US"},{"@type":"Organization","@id":"https:\/\/mecsekgyongye.hu\/#organization","name":"Mecsekgy\u00f6ngye Apartmanh\u00e1z","url":"https:\/\/mecsekgyongye.hu\/","logo":{"@type":"ImageObject","inLanguage":"en-US","@id":"https:\/\/mecsekgyongye.hu\/#\/schema\/logo\/image\/","url":"https:\/\/mecsekgyongye.hu\/wp-content\/uploads\/2021\/03\/2021-logo-clear-sEtat-vil\u2020gos-keret.png","contentUrl":"https:\/\/mecsekgyongye.hu\/wp-content\/uploads\/2021\/03\/2021-logo-clear-sEtat-vil\u2020gos-keret.png","caption":"Mecsekgy\u00f6ngye Apartmanh\u00e1z"},"image":{"@id":"https:\/\/mecsekgyongye.hu\/#\/schema\/logo\/image\/"}}]}},"_links":{"self":[{"href":"https:\/\/mecsekgyongye.hu\/en\/wp-json\/wp\/v2\/pages\/175","targetHints":{"allow":["GET"]}}],"collection":[{"href":"https:\/\/mecsekgyongye.hu\/en\/wp-json\/wp\/v2\/pages"}],"about":[{"href":"https:\/\/mecsekgyongye.hu\/en\/wp-json\/wp\/v2\/types\/page"}],"author":[{"embeddable":true,"href":"https:\/\/mecsekgyongye.hu\/en\/wp-json\/wp\/v2\/users\/1"}],"replies":[{"embeddable":true,"href":"https:\/\/mecsekgyongye.hu\/en\/wp-json\/wp\/v2\/comments?post=175"}],"version-history":[{"count":6,"href":"https:\/\/mecsekgyongye.hu\/en\/wp-json\/wp\/v2\/pages\/175\/revisions"}],"predecessor-version":[{"id":372,"href":"https:\/\/mecsekgyongye.hu\/en\/wp-json\/wp\/v2\/pages\/175\/revisions\/372"}],"wp:attachment":[{"href":"https:\/\/mecsekgyongye.hu\/en\/wp-json\/wp\/v2\/media?parent=175"}],"curies":[{"name":"wp","href":"https:\/\/api.w.org\/{rel}","templated":true}]}}